{"id":30,"date":"2020-03-02T08:32:09","date_gmt":"2020-03-02T08:32:09","guid":{"rendered":"https:\/\/estudiar.vamtam.com\/?page_id=30"},"modified":"2020-03-02T08:32:09","modified_gmt":"2020-03-02T08:32:09","slug":"blog","status":"publish","type":"page","link":"https:\/\/zamorano.edu\/en\/blog\/","title":{"rendered":"Blog"},"content":{"rendered":"<div data-elementor-type=\"wp-page\" data-elementor-id=\"30\" class=\"elementor elementor-30\" data-elementor-post-type=\"page\">\n\t\t\t\t\t\t<section class=\"elementor-section elementor-top-section elementor-element elementor-element-3b39044 elementor-section-boxed elementor-section-height-default elementor-section-height-default\" data-id=\"3b39044\" data-element_type=\"section\">\n\t\t\t\t\t\t<div class=\"elementor-container elementor-column-gap-no\">\n\t\t\t\t\t<div class=\"elementor-column elementor-col-100 elementor-top-column elementor-element elementor-element-ec72fd5\" data-id=\"ec72fd5\" data-element_type=\"column\">\n\t\t\t<div class=\"elementor-widget-wrap elementor-element-populated\">\n\t\t\t\t\t\t\t<\/div>\n\t\t<\/div>\n\t\t\t\t\t<\/div>\n\t\t<\/section>\n\t\t\t\t<section class=\"elementor-section elementor-top-section elementor-element elementor-element-0f91d90 elementor-section-boxed elementor-section-height-default elementor-section-height-default\" data-id=\"0f91d90\" data-element_type=\"section\">\n\t\t\t\t\t\t<div class=\"elementor-container elementor-column-gap-no\">\n\t\t\t\t\t<div class=\"elementor-column elementor-col-100 elementor-top-column elementor-element elementor-element-579593e\" data-id=\"579593e\" data-element_type=\"column\">\n\t\t\t<div class=\"elementor-widget-wrap elementor-element-populated\">\n\t\t\t\t\t\t<div class=\"elementor-element elementor-element-f7bbc15 animated-fast elementor-grid-3 elementor-grid-tablet-2 elementor-grid-mobile-1 elementor-posts--thumbnail-top elementor-invisible elementor-widget elementor-widget-posts\" data-id=\"f7bbc15\" data-element_type=\"widget\" data-settings=\"{&quot;classic_row_gap&quot;:{&quot;unit&quot;:&quot;px&quot;,&quot;size&quot;:60,&quot;sizes&quot;:[]},&quot;_animation&quot;:&quot;fadeIn&quot;,&quot;classic_row_gap_mobile&quot;:{&quot;unit&quot;:&quot;px&quot;,&quot;size&quot;:50,&quot;sizes&quot;:[]},&quot;classic_columns&quot;:&quot;3&quot;,&quot;classic_columns_tablet&quot;:&quot;2&quot;,&quot;classic_columns_mobile&quot;:&quot;1&quot;,&quot;classic_row_gap_tablet&quot;:{&quot;unit&quot;:&quot;px&quot;,&quot;size&quot;:&quot;&quot;,&quot;sizes&quot;:[]}}\" data-widget_type=\"posts.classic\">\n\t\t\t\t<div class=\"elementor-widget-container\">\n\t\t\t\t\t\t\t<div class=\"elementor-posts-container elementor-posts elementor-posts--skin-classic elementor-grid\">\n\t\t\t\t<article class=\"elementor-post elementor-grid-item post-1010307 post type-post status-publish format-standard has-post-thumbnail hentry category-zamorano-noticias\">\n\t\t\t\t<a class=\"elementor-post__thumbnail__link\" href=\"https:\/\/zamorano.edu\/en\/agrohub-impulsa-la-innovacion-en-agritrade-2026\/\" tabindex=\"-1\" >\n\t\t\t<div class=\"elementor-post__thumbnail\"><img fetchpriority=\"high\" decoding=\"async\" width=\"1280\" height=\"720\" src=\"https:\/\/zamorano.edu\/wp-content\/uploads\/2026\/04\/WhatsApp-Image-2026-04-17-at-4.17.48-PM-1_Gabriela-Raquel-Tomi.jpeg\" class=\"attachment-full size-full wp-image-1010312\" alt=\"\" srcset=\"https:\/\/zamorano.edu\/wp-content\/uploads\/2026\/04\/WhatsApp-Image-2026-04-17-at-4.17.48-PM-1_Gabriela-Raquel-Tomi.jpeg 1280w, https:\/\/zamorano.edu\/wp-content\/uploads\/2026\/04\/WhatsApp-Image-2026-04-17-at-4.17.48-PM-1_Gabriela-Raquel-Tomi-300x169.jpeg 300w, https:\/\/zamorano.edu\/wp-content\/uploads\/2026\/04\/WhatsApp-Image-2026-04-17-at-4.17.48-PM-1_Gabriela-Raquel-Tomi-1024x576.jpeg 1024w, https:\/\/zamorano.edu\/wp-content\/uploads\/2026\/04\/WhatsApp-Image-2026-04-17-at-4.17.48-PM-1_Gabriela-Raquel-Tomi-768x432.jpeg 768w, https:\/\/zamorano.edu\/wp-content\/uploads\/2026\/04\/WhatsApp-Image-2026-04-17-at-4.17.48-PM-1_Gabriela-Raquel-Tomi-18x10.jpeg 18w\" sizes=\"(max-width: 1280px) 100vw, 1280px\" \/><\/div>\n\t\t<\/a>\n\t\t\t\t<div class=\"elementor-post__text\">\n\t\t\t\t<h4 class=\"elementor-post__title\">\n\t\t\t<a href=\"https:\/\/zamorano.edu\/en\/agrohub-impulsa-la-innovacion-en-agritrade-2026\/\" >\n\t\t\t\tAgroHub drives innovation at AGRITRADE 2026\t\t\t<\/a>\n\t\t<\/h4>\n\t\t\t\t<div class=\"elementor-post__meta-data\">\n\t\t\t\t\t<span class=\"elementor-post-date\">\n\t\t\tApril 24, 2026\t\t<\/span>\n\t\t\t\t<\/div>\n\t\t\t\t<div class=\"elementor-post__excerpt\">\n\t\t\t<p>As part of the AgroHub project, led by Zamorano University and IDB Lab, the initiative had a strong presence at AGRITRADE 2026, a regional event held in Antigua Guatemala that brings together key stakeholders from the export sector of fruits, vegetables, and high-value agricultural products.<\/p>\n\t\t<\/div>\n\t\t\n\t\t<a class=\"elementor-post__read-more\" href=\"https:\/\/zamorano.edu\/en\/agrohub-impulsa-la-innovacion-en-agritrade-2026\/\" aria-label=\"Read more about AgroHub impulsa la innovaci\u00f3n en AGRITRADE 2026\" tabindex=\"-1\" >\n\t\t\t\t\t<\/a>\n\n\t\t\t\t<\/div>\n\t\t\t\t<\/article>\n\t\t\t\t<article class=\"elementor-post elementor-grid-item post-1010274 post type-post status-publish format-standard has-post-thumbnail hentry category-zamorano-noticias\">\n\t\t\t\t<a class=\"elementor-post__thumbnail__link\" href=\"https:\/\/zamorano.edu\/en\/universidad-zamorano-y-bac-fortalecen-su-alianza-para-impulsar-educacion-y-sostenibilidad\/\" tabindex=\"-1\" >\n\t\t\t<div class=\"elementor-post__thumbnail\"><img decoding=\"async\" width=\"2560\" height=\"1920\" src=\"https:\/\/zamorano.edu\/wp-content\/uploads\/2026\/04\/WhatsApp-Image-2026-04-24-at-12.10.00-PM-1-scaled.webp\" class=\"attachment-full size-full wp-image-1010280\" alt=\"\" srcset=\"https:\/\/zamorano.edu\/wp-content\/uploads\/2026\/04\/WhatsApp-Image-2026-04-24-at-12.10.00-PM-1-scaled.webp 2560w, https:\/\/zamorano.edu\/wp-content\/uploads\/2026\/04\/WhatsApp-Image-2026-04-24-at-12.10.00-PM-1-300x225.webp 300w, https:\/\/zamorano.edu\/wp-content\/uploads\/2026\/04\/WhatsApp-Image-2026-04-24-at-12.10.00-PM-1-1024x768.webp 1024w, https:\/\/zamorano.edu\/wp-content\/uploads\/2026\/04\/WhatsApp-Image-2026-04-24-at-12.10.00-PM-1-768x576.webp 768w, https:\/\/zamorano.edu\/wp-content\/uploads\/2026\/04\/WhatsApp-Image-2026-04-24-at-12.10.00-PM-1-1536x1152.webp 1536w, https:\/\/zamorano.edu\/wp-content\/uploads\/2026\/04\/WhatsApp-Image-2026-04-24-at-12.10.00-PM-1-2048x1536.webp 2048w, https:\/\/zamorano.edu\/wp-content\/uploads\/2026\/04\/WhatsApp-Image-2026-04-24-at-12.10.00-PM-1-16x12.webp 16w\" sizes=\"(max-width: 2560px) 100vw, 2560px\" \/><\/div>\n\t\t<\/a>\n\t\t\t\t<div class=\"elementor-post__text\">\n\t\t\t\t<h4 class=\"elementor-post__title\">\n\t\t\t<a href=\"https:\/\/zamorano.edu\/en\/universidad-zamorano-y-bac-fortalecen-su-alianza-para-impulsar-educacion-y-sostenibilidad\/\" >\n\t\t\t\tZamorano University and BAC Strengthen Their Alliance to Advance Education and Sustainability\t\t\t<\/a>\n\t\t<\/h4>\n\t\t\t\t<div class=\"elementor-post__meta-data\">\n\t\t\t\t\t<span class=\"elementor-post-date\">\n\t\t\tApril 24, 2026\t\t<\/span>\n\t\t\t\t<\/div>\n\t\t\t\t<div class=\"elementor-post__excerpt\">\n\t\t\t<p>Universidad Zamorano and BAC Credomatic continue to strengthen their strategic partnership through the signing of a new collaboration agreement in 2026, reaffirming their shared commitment to education, sustainability, and the creation of opportunities for young people across the region.<\/p>\n\t\t<\/div>\n\t\t\n\t\t<a class=\"elementor-post__read-more\" href=\"https:\/\/zamorano.edu\/en\/universidad-zamorano-y-bac-fortalecen-su-alianza-para-impulsar-educacion-y-sostenibilidad\/\" aria-label=\"Read more about Universidad Zamorano y BAC fortalecen su alianza para impulsar educaci\u00f3n y sostenibilidad\" tabindex=\"-1\" >\n\t\t\t\t\t<\/a>\n\n\t\t\t\t<\/div>\n\t\t\t\t<\/article>\n\t\t\t\t<article class=\"elementor-post elementor-grid-item post-1010066 post type-post status-publish format-standard has-post-thumbnail hentry category-zamorano-noticias\">\n\t\t\t\t<a class=\"elementor-post__thumbnail__link\" href=\"https:\/\/zamorano.edu\/en\/liderazgo-academico-en-la-comunidad-internacional-arc2026\/\" tabindex=\"-1\" >\n\t\t\t<div class=\"elementor-post__thumbnail\"><img decoding=\"async\" width=\"1920\" height=\"2560\" src=\"https:\/\/zamorano.edu\/wp-content\/uploads\/2026\/04\/image1_Emily-Mercedes-Morad-scaled.webp\" class=\"attachment-full size-full wp-image-1010069\" alt=\"\" srcset=\"https:\/\/zamorano.edu\/wp-content\/uploads\/2026\/04\/image1_Emily-Mercedes-Morad-scaled.webp 1920w, https:\/\/zamorano.edu\/wp-content\/uploads\/2026\/04\/image1_Emily-Mercedes-Morad-225x300.webp 225w, https:\/\/zamorano.edu\/wp-content\/uploads\/2026\/04\/image1_Emily-Mercedes-Morad-768x1024.webp 768w, https:\/\/zamorano.edu\/wp-content\/uploads\/2026\/04\/image1_Emily-Mercedes-Morad-1152x1536.webp 1152w, https:\/\/zamorano.edu\/wp-content\/uploads\/2026\/04\/image1_Emily-Mercedes-Morad-1536x2048.webp 1536w, https:\/\/zamorano.edu\/wp-content\/uploads\/2026\/04\/image1_Emily-Mercedes-Morad-9x12.webp 9w\" sizes=\"(max-width: 1920px) 100vw, 1920px\" \/><\/div>\n\t\t<\/a>\n\t\t\t\t<div class=\"elementor-post__text\">\n\t\t\t\t<h4 class=\"elementor-post__title\">\n\t\t\t<a href=\"https:\/\/zamorano.edu\/en\/liderazgo-academico-en-la-comunidad-internacional-arc2026\/\" >\n\t\t\t\tAcademic leadership in the international ARC2026 community\t\t\t<\/a>\n\t\t<\/h4>\n\t\t\t\t<div class=\"elementor-post__meta-data\">\n\t\t\t\t\t<span class=\"elementor-post-date\">\n\t\t\tApril 22, 2026\t\t<\/span>\n\t\t\t\t<\/div>\n\t\t\t\t<div class=\"elementor-post__excerpt\">\n\t\t\t<p>Zamorano University continues to strengthen its global positioning in higher education through its participation in the ARC2026 conference of the WSCUC (WASC Senior College and University Commission), one of the most relevant international forums on accreditation and academic quality.<\/p>\n\t\t<\/div>\n\t\t\n\t\t<a class=\"elementor-post__read-more\" href=\"https:\/\/zamorano.edu\/en\/liderazgo-academico-en-la-comunidad-internacional-arc2026\/\" aria-label=\"Read more about Liderazgo acad\u00e9mico en la comunidad internacional ARC2026\" tabindex=\"-1\" >\n\t\t\t\t\t<\/a>\n\n\t\t\t\t<\/div>\n\t\t\t\t<\/article>\n\t\t\t\t<article class=\"elementor-post elementor-grid-item post-1009416 post type-post status-publish format-standard has-post-thumbnail hentry category-zamorano-noticias\">\n\t\t\t\t<a class=\"elementor-post__thumbnail__link\" href=\"https:\/\/zamorano.edu\/en\/fortalecimiento-de-la-gobernanza-hidrica-eleccion-del-consejo-de-la-microcuenca-santa-ines\/\" tabindex=\"-1\" >\n\t\t\t<div class=\"elementor-post__thumbnail\"><img loading=\"lazy\" decoding=\"async\" width=\"2048\" height=\"1365\" src=\"https:\/\/zamorano.edu\/wp-content\/uploads\/2026\/04\/DSC_8426.webp\" class=\"attachment-full size-full wp-image-1009419\" alt=\"\" srcset=\"https:\/\/zamorano.edu\/wp-content\/uploads\/2026\/04\/DSC_8426.webp 2048w, https:\/\/zamorano.edu\/wp-content\/uploads\/2026\/04\/DSC_8426-300x200.webp 300w, https:\/\/zamorano.edu\/wp-content\/uploads\/2026\/04\/DSC_8426-1024x683.webp 1024w, https:\/\/zamorano.edu\/wp-content\/uploads\/2026\/04\/DSC_8426-768x512.webp 768w, https:\/\/zamorano.edu\/wp-content\/uploads\/2026\/04\/DSC_8426-1536x1024.webp 1536w, https:\/\/zamorano.edu\/wp-content\/uploads\/2026\/04\/DSC_8426-18x12.webp 18w\" sizes=\"(max-width: 2048px) 100vw, 2048px\" \/><\/div>\n\t\t<\/a>\n\t\t\t\t<div class=\"elementor-post__text\">\n\t\t\t\t<h4 class=\"elementor-post__title\">\n\t\t\t<a href=\"https:\/\/zamorano.edu\/en\/fortalecimiento-de-la-gobernanza-hidrica-eleccion-del-consejo-de-la-microcuenca-santa-ines\/\" >\n\t\t\t\tStrengthening Water Governance: Election of the Santa In\u00e9s Micro-Watershed Council\t\t\t<\/a>\n\t\t<\/h4>\n\t\t\t\t<div class=\"elementor-post__meta-data\">\n\t\t\t\t\t<span class=\"elementor-post-date\">\n\t\t\tApril 16, 2026\t\t<\/span>\n\t\t\t\t<\/div>\n\t\t\t\t<div class=\"elementor-post__excerpt\">\n\t\t\t<p>In a significant step toward sustainable natural resource management, the General Assembly for the election of the Santa In\u00e9s Micro-Watershed Council was successfully held. This process, carried out under the Yeguare Project\u2014a joint initiative between Zamorano University and the Embassy of France in Honduras\u2014marks an important milestone in ecosystem protection and in strengthening climate resilience in rural communities across the region.<\/p>\n\t\t<\/div>\n\t\t\n\t\t<a class=\"elementor-post__read-more\" href=\"https:\/\/zamorano.edu\/en\/fortalecimiento-de-la-gobernanza-hidrica-eleccion-del-consejo-de-la-microcuenca-santa-ines\/\" aria-label=\"Read more about Fortalecimiento de la gobernanza h\u00eddrica: elecci\u00f3n del Consejo de la Microcuenca Santa In\u00e9s\" tabindex=\"-1\" >\n\t\t\t\t\t<\/a>\n\n\t\t\t\t<\/div>\n\t\t\t\t<\/article>\n\t\t\t\t<article class=\"elementor-post elementor-grid-item post-1009407 post type-post status-publish format-standard has-post-thumbnail hentry category-zamorano-noticias\">\n\t\t\t\t<a class=\"elementor-post__thumbnail__link\" href=\"https:\/\/zamorano.edu\/en\/la-universidad-zamorano-fortalece-alianzas-estrategicas-con-autoridades-de-protocolo-diplomatico-de-honduras\/\" tabindex=\"-1\" >\n\t\t\t<div class=\"elementor-post__thumbnail\"><img loading=\"lazy\" decoding=\"async\" width=\"2048\" height=\"1242\" src=\"https:\/\/zamorano.edu\/wp-content\/uploads\/2026\/04\/DSC_8108.jpg\" class=\"attachment-full size-full wp-image-1009410\" alt=\"\" srcset=\"https:\/\/zamorano.edu\/wp-content\/uploads\/2026\/04\/DSC_8108.jpg 2048w, https:\/\/zamorano.edu\/wp-content\/uploads\/2026\/04\/DSC_8108-300x182.jpg 300w, https:\/\/zamorano.edu\/wp-content\/uploads\/2026\/04\/DSC_8108-1024x621.jpg 1024w, https:\/\/zamorano.edu\/wp-content\/uploads\/2026\/04\/DSC_8108-768x466.jpg 768w, https:\/\/zamorano.edu\/wp-content\/uploads\/2026\/04\/DSC_8108-1536x932.jpg 1536w, https:\/\/zamorano.edu\/wp-content\/uploads\/2026\/04\/DSC_8108-18x12.jpg 18w\" sizes=\"(max-width: 2048px) 100vw, 2048px\" \/><\/div>\n\t\t<\/a>\n\t\t\t\t<div class=\"elementor-post__text\">\n\t\t\t\t<h4 class=\"elementor-post__title\">\n\t\t\t<a href=\"https:\/\/zamorano.edu\/en\/la-universidad-zamorano-fortalece-alianzas-estrategicas-con-autoridades-de-protocolo-diplomatico-de-honduras\/\" >\n\t\t\t\tZamorano University strengthens strategic partnerships with Honduras\u2019 diplomatic protocol leadership\t\t\t<\/a>\n\t\t<\/h4>\n\t\t\t\t<div class=\"elementor-post__meta-data\">\n\t\t\t\t\t<span class=\"elementor-post-date\">\n\t\t\tApril 16, 2026\t\t<\/span>\n\t\t\t\t<\/div>\n\t\t\t\t<div class=\"elementor-post__excerpt\">\n\t\t\t<p>Zamorano University welcomed a delegation from the General Directorate of Protocol and Ceremonial Affairs of the Secretariat of Foreign Affairs and International Cooperation of Honduras, led by its Director General, Luis Carlos Chavarr\u00eda Reyes, a professional with more than two decades of experience in diplomatic protocol, institutional relations, and international cooperation.<\/p>\n\t\t<\/div>\n\t\t\n\t\t<a class=\"elementor-post__read-more\" href=\"https:\/\/zamorano.edu\/en\/la-universidad-zamorano-fortalece-alianzas-estrategicas-con-autoridades-de-protocolo-diplomatico-de-honduras\/\" aria-label=\"Read more about La Universidad Zamorano fortalece alianzas estrat\u00e9gicas con autoridades de protocolo diplom\u00e1tico de Honduras\" tabindex=\"-1\" >\n\t\t\t\t\t<\/a>\n\n\t\t\t\t<\/div>\n\t\t\t\t<\/article>\n\t\t\t\t<article class=\"elementor-post elementor-grid-item post-1009313 post type-post status-publish format-standard has-post-thumbnail hentry category-zamorano-noticias\">\n\t\t\t\t<a class=\"elementor-post__thumbnail__link\" href=\"https:\/\/zamorano.edu\/en\/impulsando-la-bioeconomia-circular-en-el-rubro-de-cafe-en-guatemala\/\" tabindex=\"-1\" >\n\t\t\t<div class=\"elementor-post__thumbnail\"><img loading=\"lazy\" decoding=\"async\" width=\"1280\" height=\"720\" src=\"https:\/\/zamorano.edu\/wp-content\/uploads\/2026\/04\/WhatsApp-Image-2026-03-23-at-4.38.24-PM_Gabriela-Raquel-Tomi.jpeg\" class=\"attachment-full size-full wp-image-1009331\" alt=\"\" srcset=\"https:\/\/zamorano.edu\/wp-content\/uploads\/2026\/04\/WhatsApp-Image-2026-03-23-at-4.38.24-PM_Gabriela-Raquel-Tomi.jpeg 1280w, https:\/\/zamorano.edu\/wp-content\/uploads\/2026\/04\/WhatsApp-Image-2026-03-23-at-4.38.24-PM_Gabriela-Raquel-Tomi-300x169.jpeg 300w, https:\/\/zamorano.edu\/wp-content\/uploads\/2026\/04\/WhatsApp-Image-2026-03-23-at-4.38.24-PM_Gabriela-Raquel-Tomi-1024x576.jpeg 1024w, https:\/\/zamorano.edu\/wp-content\/uploads\/2026\/04\/WhatsApp-Image-2026-03-23-at-4.38.24-PM_Gabriela-Raquel-Tomi-768x432.jpeg 768w, https:\/\/zamorano.edu\/wp-content\/uploads\/2026\/04\/WhatsApp-Image-2026-03-23-at-4.38.24-PM_Gabriela-Raquel-Tomi-18x10.jpeg 18w\" sizes=\"(max-width: 1280px) 100vw, 1280px\" \/><\/div>\n\t\t<\/a>\n\t\t\t\t<div class=\"elementor-post__text\">\n\t\t\t\t<h4 class=\"elementor-post__title\">\n\t\t\t<a href=\"https:\/\/zamorano.edu\/en\/impulsando-la-bioeconomia-circular-en-el-rubro-de-cafe-en-guatemala\/\" >\n\t\t\t\tAdvancing circular bioeconomy in Guatemala\u2019s coffee sector\t\t\t<\/a>\n\t\t<\/h4>\n\t\t\t\t<div class=\"elementor-post__meta-data\">\n\t\t\t\t\t<span class=\"elementor-post-date\">\n\t\t\tApril 13, 2026\t\t<\/span>\n\t\t\t\t<\/div>\n\t\t\t\t<div class=\"elementor-post__excerpt\">\n\t\t\t<p>Through a strategic partnership aimed at strengthening the competitiveness of the coffee sector\u2019s productive matrix, the AgroHub project, implemented by Zamorano University and BID Lab, is carrying out a series of technical interventions designed to develop the coffee value chain in the Guatemalan highlands. Under a circular bioeconomy and full-utilization approach, these actions are being executed in synergy with JICA\u2019s CAFEPROCO project, with the goal of transferring specialized knowledge for the creation of value-added products, transforming what has traditionally been considered waste into an input with high commercial potential.<\/p>\n\t\t<\/div>\n\t\t\n\t\t<a class=\"elementor-post__read-more\" href=\"https:\/\/zamorano.edu\/en\/impulsando-la-bioeconomia-circular-en-el-rubro-de-cafe-en-guatemala\/\" aria-label=\"Read more about Impulsando la bioeconom\u00eda circular en el rubro de caf\u00e9 en Guatemala\" tabindex=\"-1\" >\n\t\t\t\t\t<\/a>\n\n\t\t\t\t<\/div>\n\t\t\t\t<\/article>\n\t\t\t\t<article class=\"elementor-post elementor-grid-item post-1009112 post type-post status-publish format-standard has-post-thumbnail hentry category-zamorano-noticias\">\n\t\t\t\t<a class=\"elementor-post__thumbnail__link\" href=\"https:\/\/zamorano.edu\/en\/jeff-cohen-asumio-oficialmente-como-rector-de-la-universidad-zamorano\/\" tabindex=\"-1\" >\n\t\t\t<div class=\"elementor-post__thumbnail\"><img loading=\"lazy\" decoding=\"async\" width=\"2048\" height=\"1365\" src=\"https:\/\/zamorano.edu\/wp-content\/uploads\/2026\/04\/DSC-6455.webp\" class=\"attachment-full size-full wp-image-1009132\" alt=\"\" srcset=\"https:\/\/zamorano.edu\/wp-content\/uploads\/2026\/04\/DSC-6455.webp 2048w, https:\/\/zamorano.edu\/wp-content\/uploads\/2026\/04\/DSC-6455-300x200.webp 300w, https:\/\/zamorano.edu\/wp-content\/uploads\/2026\/04\/DSC-6455-1024x683.webp 1024w, https:\/\/zamorano.edu\/wp-content\/uploads\/2026\/04\/DSC-6455-768x512.webp 768w, https:\/\/zamorano.edu\/wp-content\/uploads\/2026\/04\/DSC-6455-1536x1024.webp 1536w, https:\/\/zamorano.edu\/wp-content\/uploads\/2026\/04\/DSC-6455-18x12.webp 18w\" sizes=\"(max-width: 2048px) 100vw, 2048px\" \/><\/div>\n\t\t<\/a>\n\t\t\t\t<div class=\"elementor-post__text\">\n\t\t\t\t<h4 class=\"elementor-post__title\">\n\t\t\t<a href=\"https:\/\/zamorano.edu\/en\/jeff-cohen-asumio-oficialmente-como-rector-de-la-universidad-zamorano\/\" >\n\t\t\t\tJeff Cohen Officially Assumes Role as President of Zamorano University\t\t\t<\/a>\n\t\t<\/h4>\n\t\t\t\t<div class=\"elementor-post__meta-data\">\n\t\t\t\t\t<span class=\"elementor-post-date\">\n\t\t\tApril 6, 2026\t\t<\/span>\n\t\t\t\t<\/div>\n\t\t\t\t<div class=\"elementor-post__excerpt\">\n\t\t\t<p>Zamorano University officially announces the appointment of its new president, Jeff Cohen, a retired U.S. diplomat, who assumed his duties on April 1, 2026, marking the beginning of a new chapter aimed at strengthening the institution\u2019s academic impact, global engagement, and commitment to sustainable development in the region.<\/p>\n\t\t<\/div>\n\t\t\n\t\t<a class=\"elementor-post__read-more\" href=\"https:\/\/zamorano.edu\/en\/jeff-cohen-asumio-oficialmente-como-rector-de-la-universidad-zamorano\/\" aria-label=\"Read more about Jeff Cohen asumi\u00f3 oficialmente como Rector de la Universidad Zamorano\" tabindex=\"-1\" >\n\t\t\t\t\t<\/a>\n\n\t\t\t\t<\/div>\n\t\t\t\t<\/article>\n\t\t\t\t<article class=\"elementor-post elementor-grid-item post-1008894 post type-post status-publish format-standard has-post-thumbnail hentry category-zamorano-noticias\">\n\t\t\t\t<a class=\"elementor-post__thumbnail__link\" href=\"https:\/\/zamorano.edu\/en\/la-universidad-zamorano-reconoce-la-gestion-del-dr-keith-l-andrews-y-da-la-bienvenida-al-nuevo-rector-jeff-p-cohen\/\" tabindex=\"-1\" >\n\t\t\t<div class=\"elementor-post__thumbnail\"><img loading=\"lazy\" decoding=\"async\" width=\"2048\" height=\"1365\" src=\"https:\/\/zamorano.edu\/wp-content\/uploads\/2026\/03\/Photo-DSC-6588.webp\" class=\"attachment-full size-full wp-image-1009020\" alt=\"\" srcset=\"https:\/\/zamorano.edu\/wp-content\/uploads\/2026\/03\/Photo-DSC-6588.webp 2048w, https:\/\/zamorano.edu\/wp-content\/uploads\/2026\/03\/Photo-DSC-6588-300x200.webp 300w, https:\/\/zamorano.edu\/wp-content\/uploads\/2026\/03\/Photo-DSC-6588-1024x683.webp 1024w, https:\/\/zamorano.edu\/wp-content\/uploads\/2026\/03\/Photo-DSC-6588-768x512.webp 768w, https:\/\/zamorano.edu\/wp-content\/uploads\/2026\/03\/Photo-DSC-6588-1536x1024.webp 1536w, https:\/\/zamorano.edu\/wp-content\/uploads\/2026\/03\/Photo-DSC-6588-18x12.webp 18w\" sizes=\"(max-width: 2048px) 100vw, 2048px\" \/><\/div>\n\t\t<\/a>\n\t\t\t\t<div class=\"elementor-post__text\">\n\t\t\t\t<h4 class=\"elementor-post__title\">\n\t\t\t<a href=\"https:\/\/zamorano.edu\/en\/la-universidad-zamorano-reconoce-la-gestion-del-dr-keith-l-andrews-y-da-la-bienvenida-al-nuevo-rector-jeff-p-cohen\/\" >\n\t\t\t\tZamorano University recognizes the leadership of Dr. Keith L. Andrews and welcomes new president Jeff P. Cohen\t\t\t<\/a>\n\t\t<\/h4>\n\t\t\t\t<div class=\"elementor-post__meta-data\">\n\t\t\t\t\t<span class=\"elementor-post-date\">\n\t\t\tMarch 30, 2026\t\t<\/span>\n\t\t\t\t<\/div>\n\t\t\t\t<div class=\"elementor-post__excerpt\">\n\t\t\t<p>During an all-staff institutional meeting, Zamorano University marked the conclusion of Dr. Keith L. Andrews\u2019 term as Interim President and formally welcomed Jeff P. Cohen, who will assume the presidency on April 1, 2026.<\/p>\n\t\t<\/div>\n\t\t\n\t\t<a class=\"elementor-post__read-more\" href=\"https:\/\/zamorano.edu\/en\/la-universidad-zamorano-reconoce-la-gestion-del-dr-keith-l-andrews-y-da-la-bienvenida-al-nuevo-rector-jeff-p-cohen\/\" aria-label=\"Read more about La Universidad Zamorano reconoce la gesti\u00f3n del Dr. Keith L. Andrews y da la bienvenida al nuevo rector Jeff P. Cohen\" tabindex=\"-1\" >\n\t\t\t\t\t<\/a>\n\n\t\t\t\t<\/div>\n\t\t\t\t<\/article>\n\t\t\t\t<article class=\"elementor-post elementor-grid-item post-1008810 post type-post status-publish format-standard has-post-thumbnail hentry category-zamorano-noticias\">\n\t\t\t\t<a class=\"elementor-post__thumbnail__link\" href=\"https:\/\/zamorano.edu\/en\/la-universidad-zamorano-bid-lab-impact-hub-y-social-skin-articulan-esfuerzos-para-fortalecer-el-emprendimiento-agrifoodtech-en-honduras\/\" tabindex=\"-1\" >\n\t\t\t<div class=\"elementor-post__thumbnail\"><img loading=\"lazy\" decoding=\"async\" width=\"2560\" height=\"1707\" src=\"https:\/\/zamorano.edu\/wp-content\/uploads\/2026\/03\/Gabriela-Raquel-Tomi-scaled.webp\" class=\"attachment-full size-full wp-image-1008812\" alt=\"\" srcset=\"https:\/\/zamorano.edu\/wp-content\/uploads\/2026\/03\/Gabriela-Raquel-Tomi-scaled.webp 2560w, https:\/\/zamorano.edu\/wp-content\/uploads\/2026\/03\/Gabriela-Raquel-Tomi-300x200.webp 300w, https:\/\/zamorano.edu\/wp-content\/uploads\/2026\/03\/Gabriela-Raquel-Tomi-1024x683.webp 1024w, https:\/\/zamorano.edu\/wp-content\/uploads\/2026\/03\/Gabriela-Raquel-Tomi-768x512.webp 768w, https:\/\/zamorano.edu\/wp-content\/uploads\/2026\/03\/Gabriela-Raquel-Tomi-1536x1024.webp 1536w, https:\/\/zamorano.edu\/wp-content\/uploads\/2026\/03\/Gabriela-Raquel-Tomi-2048x1365.webp 2048w, https:\/\/zamorano.edu\/wp-content\/uploads\/2026\/03\/Gabriela-Raquel-Tomi-18x12.webp 18w\" sizes=\"(max-width: 2560px) 100vw, 2560px\" \/><\/div>\n\t\t<\/a>\n\t\t\t\t<div class=\"elementor-post__text\">\n\t\t\t\t<h4 class=\"elementor-post__title\">\n\t\t\t<a href=\"https:\/\/zamorano.edu\/en\/la-universidad-zamorano-bid-lab-impact-hub-y-social-skin-articulan-esfuerzos-para-fortalecer-el-emprendimiento-agrifoodtech-en-honduras\/\" >\n\t\t\t\tZamorano University, BID Lab, Impact Hub, and Social Skin join forces to strengthen AgriFoodTech entrepreneurship in Honduras\t\t\t<\/a>\n\t\t<\/h4>\n\t\t\t\t<div class=\"elementor-post__meta-data\">\n\t\t\t\t\t<span class=\"elementor-post-date\">\n\t\t\tMarch 23, 2026\t\t<\/span>\n\t\t\t\t<\/div>\n\t\t\t\t<div class=\"elementor-post__excerpt\">\n\t\t\t<p>Zamorano University welcomed Carlos Eduardo Cordero Montoya, Executive Director of the National Migration Institute (INM) of Honduras, along with his team, for a high-level visit aimed at strengthening institutional collaboration and improving migration processes for the university community.<\/p>\n\t\t<\/div>\n\t\t\n\t\t<a class=\"elementor-post__read-more\" href=\"https:\/\/zamorano.edu\/en\/la-universidad-zamorano-bid-lab-impact-hub-y-social-skin-articulan-esfuerzos-para-fortalecer-el-emprendimiento-agrifoodtech-en-honduras\/\" aria-label=\"Read more about La Universidad Zamorano, BID Lab, Impact Hub y Social Skin articulan esfuerzos para fortalecer el emprendimiento AgriFoodTech en Honduras\" tabindex=\"-1\" >\n\t\t\t\t\t<\/a>\n\n\t\t\t\t<\/div>\n\t\t\t\t<\/article>\n\t\t\t\t<\/div>\n\t\t\n\t\t\t\t\t\t<\/div>\n\t\t\t\t<\/div>\n\t\t\t\t\t<\/div>\n\t\t<\/div>\n\t\t\t\t\t<\/div>\n\t\t<\/section>\n\t\t\t\t<section class=\"elementor-section elementor-top-section elementor-element elementor-element-6d1b529 elementor-section-boxed elementor-section-height-default elementor-section-height-default\" data-id=\"6d1b529\" data-element_type=\"section\">\n\t\t\t\t\t\t<div class=\"elementor-container elementor-column-gap-default\">\n\t\t\t\t\t<div class=\"elementor-column elementor-col-100 elementor-top-column elementor-element elementor-element-d80c98c\" data-id=\"d80c98c\" data-element_type=\"column\">\n\t\t\t<div class=\"elementor-widget-wrap elementor-element-populated\">\n\t\t\t\t\t\t<div class=\"elementor-element elementor-element-37d8390 elementor-widget__width-auto animated-fast elementor-invisible elementor-widget elementor-widget-heading\" data-id=\"37d8390\" data-element_type=\"widget\" data-settings=\"{&quot;_animation&quot;:&quot;fadeIn&quot;,&quot;_animation_tablet&quot;:&quot;none&quot;,&quot;_animation_mobile&quot;:&quot;none&quot;,&quot;_animation_delay&quot;:200}\" data-widget_type=\"heading.default\">\n\t\t\t\t<div class=\"elementor-widget-container\">\n\t\t\t\t\t<h1 class=\"elementor-heading-title elementor-size-default\">FORM<\/h1>\t\t\t\t<\/div>\n\t\t\t\t<\/div>\n\t\t\t\t\t<\/div>\n\t\t<\/div>\n\t\t\t\t\t<\/div>\n\t\t<\/section>\n\t\t\t\t<section class=\"elementor-section elementor-top-section elementor-element elementor-element-be59494 elementor-section-boxed elementor-section-height-default elementor-section-height-default\" data-id=\"be59494\" data-element_type=\"section\" data-settings=\"{&quot;background_background&quot;:&quot;classic&quot;}\">\n\t\t\t\t\t\t<div class=\"elementor-container elementor-column-gap-default\">\n\t\t\t\t\t<div class=\"elementor-column elementor-col-100 elementor-top-column elementor-element elementor-element-0d83070\" data-id=\"0d83070\" data-element_type=\"column\">\n\t\t\t<div class=\"elementor-widget-wrap elementor-element-populated\">\n\t\t\t\t\t\t<div class=\"elementor-element elementor-element-af8a463 elementor-widget elementor-widget-heading\" data-id=\"af8a463\" data-element_type=\"widget\" data-widget_type=\"heading.default\">\n\t\t\t\t<div class=\"elementor-widget-container\">\n\t\t\t\t\t<h5 class=\"elementor-heading-title elementor-size-default\">Are you ready to take the next step toward your  future career?<\/h5>\t\t\t\t<\/div>\n\t\t\t\t<\/div>\n\t\t\t\t<div class=\"elementor-element elementor-element-196f317 elementor-align-center elementor-mobile-align-left elementor-widget elementor-widget-button\" data-id=\"196f317\" data-element_type=\"widget\" data-widget_type=\"button.default\">\n\t\t\t\t<div class=\"elementor-widget-container\">\n\t\t\t\t\t\t\t\t\t<div class=\"elementor-button-wrapper\">\n\t\t\t\t\t<a class=\"elementor-button elementor-button-link elementor-size-sm\" href=\"\/en\/apply-form\/\">\n\t\t\t\t\t\t<span class=\"elementor-button-content-wrapper\">\n\t\t\t\t\t\t<span class=\"elementor-button-icon\">\n\t\t\t\t<i aria-hidden=\"true\" class=\"vamtamtheme- vamtam-theme-arrow-right\"><\/i>\t\t\t<\/span>\n\t\t\t\t\t\t\t\t\t<span class=\"elementor-button-text\">Application Form<\/span>\n\t\t\t\t\t<\/span>\n\t\t\t\t\t<\/a>\n\t\t\t\t<\/div>\n\t\t\t\t\t\t\t\t<\/div>\n\t\t\t\t<\/div>\n\t\t\t\t<div class=\"elementor-element elementor-element-9054b44 elementor-align-right elementor-widget__width-auto elementor-widget elementor-widget-button\" data-id=\"9054b44\" data-element_type=\"widget\" data-widget_type=\"button.default\">\n\t\t\t\t<div class=\"elementor-widget-container\">\n\t\t\t\t\t\t\t\t\t<div class=\"elementor-button-wrapper\">\n\t\t\t\t\t<a class=\"elementor-button elementor-button-link elementor-size-sm\" href=\"\/en\/request-info\/\">\n\t\t\t\t\t\t<span class=\"elementor-button-content-wrapper\">\n\t\t\t\t\t\t\t\t\t<span class=\"elementor-button-text\">Request Info<\/span>\n\t\t\t\t\t<\/span>\n\t\t\t\t\t<\/a>\n\t\t\t\t<\/div>\n\t\t\t\t\t\t\t\t<\/div>\n\t\t\t\t<\/div>\n\t\t\t\t<div class=\"elementor-element elementor-element-ca54ce8 elementor-align-left elementor-widget__width-auto elementor-widget elementor-widget-button\" data-id=\"ca54ce8\" data-element_type=\"widget\" data-widget_type=\"button.default\">\n\t\t\t\t<div class=\"elementor-widget-container\">\n\t\t\t\t\t\t\t\t\t<div class=\"elementor-button-wrapper\">\n\t\t\t\t\t<a class=\"elementor-button elementor-button-link elementor-size-sm\" href=\"\/en\/schedule-a-tour\/\">\n\t\t\t\t\t\t<span class=\"elementor-button-content-wrapper\">\n\t\t\t\t\t\t\t\t\t<span class=\"elementor-button-text\">visit<\/span>\n\t\t\t\t\t<\/span>\n\t\t\t\t\t<\/a>\n\t\t\t\t<\/div>\n\t\t\t\t\t\t\t\t<\/div>\n\t\t\t\t<\/div>\n\t\t\t\t\t<\/div>\n\t\t<\/div>\n\t\t\t\t\t<\/div>\n\t\t<\/section>\n\t\t\t\t<\/div>","protected":false},"excerpt":{"rendered":"<p>FORM Are you ready to take the next step toward your future career? Application Form Request Info visit<\/p>","protected":false},"author":1,"featured_media":0,"parent":0,"menu_order":0,"comment_status":"closed","ping_status":"closed","template":"","meta":{"content-type":"","inline_featured_image":false,"footnotes":""},"class_list":["post-30","page","type-page","status-publish","hentry"],"_links":{"self":[{"href":"https:\/\/zamorano.edu\/en\/wp-json\/wp\/v2\/pages\/30","targetHints":{"allow":["GET"]}}],"collection":[{"href":"https:\/\/zamorano.edu\/en\/wp-json\/wp\/v2\/pages"}],"about":[{"href":"https:\/\/zamorano.edu\/en\/wp-json\/wp\/v2\/types\/page"}],"author":[{"embeddable":true,"href":"https:\/\/zamorano.edu\/en\/wp-json\/wp\/v2\/users\/1"}],"replies":[{"embeddable":true,"href":"https:\/\/zamorano.edu\/en\/wp-json\/wp\/v2\/comments?post=30"}],"version-history":[{"count":0,"href":"https:\/\/zamorano.edu\/en\/wp-json\/wp\/v2\/pages\/30\/revisions"}],"wp:attachment":[{"href":"https:\/\/zamorano.edu\/en\/wp-json\/wp\/v2\/media?parent=30"}],"curies":[{"name":"wp","href":"https:\/\/api.w.org\/{rel}","templated":true}]}}